{"id":1768,"date":"2023-10-18T09:28:16","date_gmt":"2023-10-18T07:28:16","guid":{"rendered":"https:\/\/mc-netz.de\/zasady-ochrany-osobnich-udaju\/"},"modified":"2024-03-07T09:54:36","modified_gmt":"2024-03-07T08:54:36","slug":"zasady-ochrany-osobnich-udaju","status":"publish","type":"page","link":"https:\/\/mc-netz.de\/cs\/zasady-ochrany-osobnich-udaju\/","title":{"rendered":"Z\u00e1sady ochrany osobn\u00edch \u00fadaj\u016f"},"content":{"rendered":"\t\t<div data-elementor-type=\"wp-page\" data-elementor-id=\"1768\" class=\"elementor elementor-1768 elementor-3\" data-elementor-post-type=\"page\">\n\t\t\t\t<div class=\"elementor-element elementor-element-34805e07 e-flex e-con-boxed e-con e-parent\" data-id=\"34805e07\" data-element_type=\"container\" data-e-type=\"container\">\n\t\t\t\t\t<div class=\"e-con-inner\">\n\t\t\t\t<div class=\"elementor-element elementor-element-629bcac0 elementor-widget elementor-widget-text-editor\" data-id=\"629bcac0\" data-element_type=\"widget\" data-e-type=\"widget\" data-widget_type=\"text-editor.default\">\n\t\t\t\t<div class=\"elementor-widget-container\">\n\t\t\t\t\t\t\t\t\t<div class=\"cmsportlet_cms mox_cms col-md-12 clearfix \">\n<h1>Z\u00e1sady ochrany osobn\u00edch \u00fadaj\u016f<\/h1>\n<\/p>\n<h2><strong>A) Obecn\u00e9 informace<\/strong><\/h2>\n<h3>Jm\u00e9no a kontaktn\u00ed \u00fadaje odpov\u011bdn\u00e9 osoby:<\/h3>\n<p><strong>Agentura pro hospod\u00e1\u0159sk\u00fd rozvoj okresu Cham mbH<\/strong><br \/>Rachelstr. 6<br \/>93413 Cham<\/p>\n<\/p>\n<p>Telefon: +49 (0) 99 71 \/ 78-440<br \/>Fax: +49 (0) 99 71 \/ 845-440<br \/>E-mail: info@igz-cham.de<\/p>\n<\/p>\n<h3>Kontaktn\u00ed \u00fadaje pov\u011b\u0159ence pro ochranu osobn\u00edch \u00fadaj\u016f:<\/h3>\n<p><strong>Pov\u011b\u0159enec pro ochranu osobn\u00edch \u00fadaj\u016f okresn\u00edho \u00fa\u0159adu Cham<\/strong><br \/><strong>-osobn\u00ed-<\/strong><\/p>\n<p>Rachelstr. 6<br \/>93413 Cham<\/p>\n<p>Telefon: +49 (0) 99 71 \/ 78-342<br \/>Fax: +49 (0) 99 71 \/ 845-32<br \/>E-mail: datenschutzbeauftragter@lra.landkreis-cham.de<\/p>\n<\/p>\n<h3>\u00da\u010dely a pr\u00e1vn\u00ed z\u00e1klady zpracov\u00e1n\u00ed osobn\u00edch \u00fadaj\u016f<\/h3>\n<p>\u00da\u010del zpracov\u00e1n\u00ed vypl\u00fdv\u00e1 z \u00a7 3 spole\u010densk\u00e9 smlouvy spole\u010dnosti Wirtschaftsf\u00f6rdergesellschaft im Landkreis Cham mbH, kter\u00e1 byla zalo\u017eena v roce 1996.<\/p>\n<\/p>\n<p><strong>1.<\/strong> prov\u00e1d\u011bn\u00ed v\u0161ech opat\u0159en\u00ed, kter\u00e1 slou\u017e\u00ed \u00fa\u010delu spole\u010dnosti, a to pos\u00edlen\u00ed hospod\u00e1\u0159sk\u00e9 s\u00edly v okrese Cham, zejm\u00e9na<\/p>\n<\/p>\n<p><strong>a.<\/strong>  podpora pr\u016fmyslu, obchodu, \u0159emesel, slu\u017eeb a v\u0161ech \u017eivnost\u00ed v regionu.<br \/>m\u011bsta, trhy a obce v okrese Cham.<\/p>\n<p><strong>b.<\/strong>  provozov\u00e1n\u00ed inova\u010dn\u00edch a start-up center<\/p>\n<\/p>\n<p><strong>2.<\/strong> spole\u010dnost m\u016f\u017ee vykon\u00e1vat ve\u0161kerou \u010dinnost, kter\u00e1 je p\u0159\u00edmo \u010di nep\u0159\u00edmo vhodn\u00e1 k napln\u011bn\u00ed \u00fa\u010delu spole\u010dnosti.<\/p>\n<\/p>\n<p>M\u016f\u017ee z\u0159izovat pobo\u010dky a nab\u00fdvat pod\u00edly v podobn\u00fdch nebo rovnocenn\u00fdch spole\u010dnostech.<\/p>\n<\/p>\n<p>V r\u00e1mci pr\u00e1ce s ve\u0159ejnost\u00ed v\u00e1m na na\u0161ich webov\u00fdch str\u00e1nk\u00e1ch nab\u00edz\u00edme \u0159adu informac\u00ed o po\u017eadavc\u00edch na zalo\u017een\u00ed podniku a o prostor\u00e1ch, kter\u00e9 jsou k tomuto \u00fa\u010delu k dispozici ve dvou inova\u010dn\u00edch a start-up centrech (IGZ) v Rodingu a Furth im Waldu.<\/p>\n<\/p>\n<p>Kdy\u017e nav\u0161t\u00edv\u00edte na\u0161e webov\u00e9 str\u00e1nky, zpracov\u00e1v\u00e1me osobn\u00ed \u00fadaje (v\u00edce informac\u00ed viz n\u00ed\u017ee). To se prov\u00e1d\u00ed na z\u00e1klad\u011b \u010dl\u00e1nku 51. Odstavec 1 LKrO, jako dobrovoln\u00fd \u00fakol v r\u00e1mci \u00fakol\u016f agentury pro hospod\u00e1\u0159sk\u00fd rozvoj, ve spojen\u00ed s \u010dl. 4 odst. 1 bavorsk\u00e9ho z\u00e1kona o ochran\u011b osobn\u00edch \u00fadaj\u016f (BayDSG) a \u010dl. 6 odst. 1 UAbs. 1 p\u00edsm. e) obecn\u00e9ho na\u0159\u00edzen\u00ed o ochran\u011b osobn\u00edch \u00fadaj\u016f (GDPR). Proto jsme opr\u00e1vn\u011bni zpracov\u00e1vat \u00fadaje, kter\u00e9 jsou nezbytn\u00e9 pro spln\u011bn\u00ed \u00fakolu, kter\u00fd n\u00e1m p\u0159\u00edslu\u0161\u00ed. Pokud je to nutn\u00e9 a p\u0159\u00edpustn\u00e9, budou va\u0161e \u00fadaje zpracov\u00e1v\u00e1ny tak\u00e9 na z\u00e1klad\u011b va\u0161eho souhlasu v souladu s \u010dl. 6 odst. 1 p\u00edsm. f GDPR. \u010cl\u00e1nek 6 Odstavec 1 Upara.1 p\u00edsm. a GDPR zpracov\u00e1v\u00e1.<\/p>\n<\/p>\n<h3>P\u0159\u00edjemci osobn\u00edch \u00fadaj\u016f<\/h3>\n<p>N\u00e1\u0161 webov\u00fd server provozuje reklamn\u00ed a marketingov\u00e1 agentura bayerwaldmedia. Osobn\u00ed \u00fadaje, kter\u00e9 n\u00e1m p\u0159ed\u00e1te b\u011bhem n\u00e1v\u0161t\u011bvy na\u0161ich webov\u00fdch str\u00e1nek, zpracov\u00e1vaj\u00ed na\u0161\u00edm jm\u00e9nem.<\/p>\n<\/p>\n<p><strong>Jak shroma\u017e\u010fujeme va\u0161e \u00fadaje?<br \/><\/strong>Na jedn\u00e9 stran\u011b jsou va\u0161e \u00fadaje shroma\u017e\u010fov\u00e1ny, kdy\u017e n\u00e1m je poskytnete. M\u016f\u017ee j\u00edt nap\u0159\u00edklad o \u00fadaje, kter\u00e9 zad\u00e1te do kontaktn\u00edho formul\u00e1\u0159e.<\/p>\n<\/p>\n<p>Dal\u0161\u00ed \u00fadaje jsou automaticky shroma\u017e\u010fov\u00e1ny na\u0161imi IT syst\u00e9my p\u0159i n\u00e1v\u0161t\u011bv\u011b webov\u00fdch str\u00e1nek. Jedn\u00e1 se p\u0159edev\u0161\u00edm o technick\u00e9 \u00fadaje (nap\u0159. internetov\u00fd prohl\u00ed\u017ee\u010d, opera\u010dn\u00ed syst\u00e9m nebo \u010das zobrazen\u00ed str\u00e1nky). Tyto \u00fadaje se shroma\u017e\u010fuj\u00ed automaticky, jakmile vstoup\u00edte na na\u0161e webov\u00e9 str\u00e1nky.<\/p>\n<\/p>\n<p><strong>K \u010demu va\u0161e \u00fadaje pou\u017e\u00edv\u00e1me?<br \/><\/strong>N\u011bkter\u00e9 \u00fadaje jsou shroma\u017e\u010fov\u00e1ny za \u00fa\u010delem zaji\u0161t\u011bn\u00ed bezchybn\u00e9ho poskytov\u00e1n\u00ed webov\u00fdch str\u00e1nek. Dal\u0161\u00ed \u00fadaje mohou b\u00fdt pou\u017eity k anal\u00fdze va\u0161eho u\u017eivatelsk\u00e9ho chov\u00e1n\u00ed.<\/p>\n<\/p>\n<p>V t\u00e9to souvislosti si ji\u017e nyn\u00ed m\u016f\u017eete v &#8222;banneru cookie&#8220; zvolit, zda chcete p\u0159ed\u00e1vat pouze technicky nezbytn\u00e9 \u00fadaje, nebo zda chcete vyu\u017e\u00edvat i komfortn\u00ed funkce na\u0161ich webov\u00fdch str\u00e1nek.<\/p>\n<\/p>\n<p><strong>Va\u0161e pr\u00e1va<br \/><\/strong>Pokud zpracov\u00e1v\u00e1me va\u0161e osobn\u00ed \u00fadaje, m\u00e1te jako subjekt \u00fadaj\u016f n\u00e1sleduj\u00edc\u00ed pr\u00e1va:<\/p>\n<ul>\n<li>M\u00e1te pr\u00e1vo na informace o osobn\u00edch \u00fadaj\u00edch, kter\u00e9 jsou o v\u00e1s ulo\u017eeny (\u010dl. 15 GDPR).<\/li>\n<li>Pokud jsou zpracov\u00e1v\u00e1ny nespr\u00e1vn\u00e9 osobn\u00ed \u00fadaje, m\u00e1te pr\u00e1vo na opravu (\u010dl. 16 GDPR).<\/li>\n<li>Pokud jsou spln\u011bny z\u00e1konn\u00e9 po\u017eadavky, m\u016f\u017eete po\u017e\u00e1dat o v\u00fdmaz nebo omezen\u00ed zpracov\u00e1n\u00ed (\u010dl. 17 a 18 GDPR).<\/li>\n<li>Pokud jste se zpracov\u00e1n\u00edm souhlasili nebo existuje smlouva o zpracov\u00e1n\u00ed \u00fadaj\u016f a zpracov\u00e1n\u00ed \u00fadaj\u016f se prov\u00e1d\u00ed automatizovan\u00fdmi postupy, m\u016f\u017eete m\u00edt pr\u00e1vo na p\u0159enositelnost \u00fadaj\u016f (\u010dl. 20 GDPR).<\/li>\n<li>Pokud jste se zpracov\u00e1n\u00edm souhlasili a zpracov\u00e1n\u00ed je zalo\u017eeno na tomto souhlasu, m\u016f\u017eete sv\u016fj souhlas kdykoli do budoucna odvolat. Z\u00e1konnost zpracov\u00e1n\u00ed \u00fadaj\u016f prov\u00e1d\u011bn\u00e9ho na z\u00e1klad\u011b souhlasu a\u017e do jeho odvol\u00e1n\u00ed t\u00edm nen\u00ed dot\u010dena.<\/li>\n<\/ul>\n<p><strong>Pr\u00e1vo podat st\u00ed\u017enost u dozorov\u00e9ho \u00fa\u0159adu<br \/><\/strong>M\u00e1te tak\u00e9 pr\u00e1vo podat st\u00ed\u017enost u bavorsk\u00e9ho zemsk\u00e9ho zmocn\u011bnce pro ochranu osobn\u00edch \u00fadaj\u016f. Kontaktovat ho m\u016f\u017eete na n\u00e1sleduj\u00edc\u00edch kontaktn\u00edch \u00fadaj\u00edch:<\/p>\n<\/p>\n<p>Po\u0161tovn\u00ed adresa: P.O. Box 22 12 19, 80502 Mnichov<br \/>Adresa: Wagm\u00fcllerstra\u00dfe 18, 80538 Mnichov<br \/>Telefon: 089 212672-0<br \/>Fax: 089 212672-50<br \/>E-mail: poststelle@datenschutz-bayern.de<br \/>Internet: https:\/\/www.datenschutz-bayern.de\/<\/p>\n<\/p>\n<h3><strong>B) Informace na webov\u00fdch str\u00e1nk\u00e1ch<\/strong><\/h3>\n<p><strong>\u0160ifrov\u00e1n\u00ed SSL nebo TLS<\/strong><br \/>Z bezpe\u010dnostn\u00edch d\u016fvod\u016f a z d\u016fvodu ochrany p\u0159enosu d\u016fv\u011brn\u00e9ho obsahu, jako jsou dotazy, kter\u00e9 n\u00e1m jako provozovateli str\u00e1nek zas\u00edl\u00e1te, pou\u017e\u00edvaj\u00ed tyto str\u00e1nky \u0161ifrovan\u00e9 spojen\u00ed SSL. \u0160ifrov\u00e1n\u00ed TLS. \u0160ifrovan\u00e9 p\u0159ipojen\u00ed pozn\u00e1te podle toho, \u017ee se adresn\u00ed \u0159\u00e1dek prohl\u00ed\u017ee\u010de zm\u011bn\u00ed z &#8222;http:\/\/&#8220; na &#8222;https:\/\/&#8220; a podle symbolu z\u00e1mku v \u0159\u00e1dku prohl\u00ed\u017ee\u010de.<\/p>\n<\/p>\n<p>Pokud je aktivov\u00e1no \u0161ifrov\u00e1n\u00ed SSL nebo TLS, \u00fadaje, kter\u00e9 n\u00e1m p\u0159ed\u00e1v\u00e1te, nemohou \u010d\u00edst t\u0159et\u00ed strany.<\/p>\n<\/p>\n<p><strong>E-mail<br \/><\/strong>R\u00e1di bychom upozornili, \u017ee p\u0159enos dat p\u0159es internet (nap\u0159. p\u0159i komunikaci e-mailem) m\u016f\u017ee b\u00fdt ohro\u017een bezpe\u010dnostn\u00edmi slabinami. \u00dapln\u00e1 ochrana \u00fadaj\u016f p\u0159ed p\u0159\u00edstupem t\u0159et\u00edch stran nen\u00ed mo\u017en\u00e1.<\/p>\n<\/p>\n<p>Pokud n\u00e1m chcete zaslat citliv\u00e9 \u00fadaje, doporu\u010dujeme zaslat zpr\u00e1vu klasickou po\u0161tou nebo e-mail \u010di jeho obsah za\u0161ifrovat. Kontaktujte n\u00e1s (viz kontaktn\u00ed adresa v \u010d\u00e1sti A)).<\/p>\n<\/p>\n<p><strong>Soubory protokolu serveru<br \/><\/strong>Provozovatel str\u00e1nek automaticky shroma\u017e\u010fuje a ukl\u00e1d\u00e1 informace do tzv. soubor\u016f protokolu serveru, kter\u00e9 n\u00e1m v\u00e1\u0161 prohl\u00ed\u017ee\u010d automaticky p\u0159ed\u00e1v\u00e1. Jedn\u00e1 se o:<\/p>\n<ul>\n<li>Typ a verze prohl\u00ed\u017ee\u010de<\/li>\n<li>Pou\u017eit\u00fd opera\u010dn\u00ed syst\u00e9m<\/li>\n<li>Adresa URL odkazuj\u00edc\u00edho subjektu<\/li>\n<li>N\u00e1zev hostitele p\u0159istupuj\u00edc\u00edho po\u010d\u00edta\u010de<\/li>\n<li>\u010cas po\u017eadavku serveru<\/li>\n<li>IP adresa<\/li>\n<\/ul>\n<p>Tyto \u00fadaje nejsou slou\u010deny s jin\u00fdmi zdroji dat.<\/p>\n<\/p>\n<p>Po ukon\u010den\u00ed spojen\u00ed jsou \u00fadaje anonymizov\u00e1ny zkr\u00e1cen\u00edm IP adresy na \u00farovni dom\u00e9ny, tak\u017ee ji\u017e nen\u00ed mo\u017en\u00e9 ur\u010dit odkaz na jednotliv\u00e9 u\u017eivatele.<\/p>\n<\/p>\n<p><strong>Kontaktn\u00ed formul\u00e1\u0159<\/strong><br \/>Pokud n\u00e1m za\u0161lete dotaz prost\u0159ednictv\u00edm kontaktn\u00edho formul\u00e1\u0159e, va\u0161e \u00fadaje z popt\u00e1vkov\u00e9ho formul\u00e1\u0159e, v\u010detn\u011b kontaktn\u00edch \u00fadaj\u016f, kter\u00e9 v n\u011bm uvedete, budou ulo\u017eeny pro \u00fa\u010dely zpracov\u00e1n\u00ed dotazu a pro p\u0159\u00edpad dal\u0161\u00edch dotaz\u016f. Tyto \u00fadaje nep\u0159ed\u00e1v\u00e1me bez va\u0161eho souhlasu.<\/p>\n<\/p>\n<p>\u00dadaje zadan\u00e9 do kontaktn\u00edho formul\u00e1\u0159e jsou proto zpracov\u00e1v\u00e1ny v\u00fdhradn\u011b na z\u00e1klad\u011b va\u0161eho souhlasu (\u010dl. 6 odst. 1 p\u00edsm. a GDPR). Tento souhlas m\u016f\u017eete kdykoli odvolat. Sta\u010d\u00ed, kdy\u017e n\u00e1m po\u0161lete neform\u00e1ln\u00ed e-mail. Z\u00e1konnost operac\u00ed zpracov\u00e1n\u00ed \u00fadaj\u016f proveden\u00fdch do odvol\u00e1n\u00ed z\u016fst\u00e1v\u00e1 odvol\u00e1n\u00edm nedot\u010dena.<\/p>\n<\/p>\n<p>\u00dadaje, kter\u00e9 n\u00e1m poskytnete v kontaktn\u00edm formul\u00e1\u0159i, budeme uchov\u00e1vat, dokud nepo\u017e\u00e1d\u00e1te o jejich vymaz\u00e1n\u00ed, neodvol\u00e1te sv\u016fj souhlas s jejich ulo\u017een\u00edm nebo dokud nezmiz\u00ed \u00fa\u010del jejich ulo\u017een\u00ed (nap\u0159. po vy\u0159\u00edzen\u00ed va\u0161\u00ed \u017e\u00e1dosti). Povinn\u00e1 z\u00e1konn\u00e1 ustanoven\u00ed &#8211; zejm\u00e9na lh\u016fty pro uchov\u00e1v\u00e1n\u00ed &#8211; z\u016fst\u00e1vaj\u00ed nedot\u010dena.<\/p>\n<\/p>\n<p><strong>Soubory cookie<\/strong><br \/>N\u011bkter\u00e9 internetov\u00e9 str\u00e1nky pou\u017e\u00edvaj\u00ed tzv. cookies. Soubory cookie nepo\u0161kozuj\u00ed v\u00e1\u0161 po\u010d\u00edta\u010d a neobsahuj\u00ed viry. Soubory cookie se pou\u017e\u00edvaj\u00ed k tomu, aby byly na\u0161e webov\u00e9 str\u00e1nky u\u017eivatelsky p\u0159\u00edv\u011btiv\u011bj\u0161\u00ed, efektivn\u011bj\u0161\u00ed a bezpe\u010dn\u011bj\u0161\u00ed. Soubory cookie jsou mal\u00e9 textov\u00e9 soubory, kter\u00e9 prohl\u00ed\u017ee\u010d ukl\u00e1d\u00e1 do va\u0161eho po\u010d\u00edta\u010de.<\/p>\n<\/p>\n<p>V\u011bt\u0161ina soubor\u016f cookie, kter\u00e9 pou\u017e\u00edv\u00e1me, jsou tzv. &#8222;soubory cookie relace&#8220;. Po skon\u010den\u00ed n\u00e1v\u0161t\u011bvy se automaticky vyma\u017eou. Ostatn\u00ed soubory cookie z\u016fst\u00e1vaj\u00ed ulo\u017eeny ve va\u0161em koncov\u00e9m za\u0159\u00edzen\u00ed, dokud je neodstran\u00edte. Tyto soubory cookie n\u00e1m umo\u017e\u0148uj\u00ed rozpoznat v\u00e1\u0161 prohl\u00ed\u017ee\u010d p\u0159i p\u0159\u00ed\u0161t\u00ed n\u00e1v\u0161t\u011bv\u011b na\u0161ich webov\u00fdch str\u00e1nek.<\/p>\n<\/p>\n<p>P\u0159i prvn\u00ed n\u00e1v\u0161t\u011bv\u011b na\u0161ich webov\u00fdch str\u00e1nek m\u016f\u017eete v &#8222;banneru soubor\u016f cookie&#8220; rozhodnout, kter\u00e9 typy soubor\u016f cookie (pouze technicky nezbytn\u00e9 nebo komfortn\u00ed soubory cookie) se pou\u017e\u00edvaj\u00ed. Deaktivace pohodln\u00fdch soubor\u016f cookie m\u016f\u017ee znamenat, \u017ee funkce na\u0161ich webov\u00fdch str\u00e1nek bude mo\u017en\u00e9 pou\u017e\u00edvat pouze v omezen\u00e9m rozsahu.<\/p>\n<\/p>\n<p>Pou\u017e\u00edv\u00e1n\u00ed soubor\u016f cookie, kter\u00e9 jsou technicky nezbytn\u00e9 pro provoz webov\u00fdch str\u00e1nek, je zalo\u017eeno na \u010dl. 6 odst. 1 p\u00edsm. f) GDPR. Upara.1 (f) GDPR (opr\u00e1vn\u011bn\u00fd z\u00e1jem provozovatele na technicky bezchybn\u00e9m a optimalizovan\u00e9m poskytov\u00e1n\u00ed jeho slu\u017eeb). Souhlas z\u00edskan\u00fd v banneru cookie pro pou\u017eit\u00ed pohodln\u00fdch soubor\u016f cookie je zalo\u017een na \u010dl. 6 odst. 1 p\u00edsm. f GDPR. Odstavec 1 Upara.1 Dopis a GDPR (souhlas). Tento souhlas m\u016f\u017eete samoz\u0159ejm\u011b kdykoli odvolat s platnost\u00ed do budoucna, a to tak, \u017ee kontaktujete provozovatele webov\u00fdch str\u00e1nek na v\u00fd\u0161e uveden\u00e9 adrese.<\/p>\n<\/p>\n<p><strong>Vyhodnocov\u00e1n\u00ed chov\u00e1n\u00ed u\u017eivatel\u016f (syst\u00e9my sledov\u00e1n\u00ed webu; m\u011b\u0159en\u00ed dosahu)<\/strong><br \/>K vyhodnocov\u00e1n\u00ed chov\u00e1n\u00ed u\u017eivatel\u016f pou\u017e\u00edv\u00e1me webovou analytickou slu\u017ebu Matomo. Va\u0161e IP adresa je za t\u00edmto \u00fa\u010delem nejprve anonymizov\u00e1na a teprve pot\u00e9 p\u0159ed\u00e1na v\u00fd\u0161e uveden\u00e9mu provozovateli webov\u00fdch str\u00e1nek k vyhodnocen\u00ed. Tuto funkci m\u016f\u017eete vypnout zm\u011bnou nastaven\u00ed v internetov\u00e9m prohl\u00ed\u017ee\u010di (opt-out).<\/p>\n<\/p>\n<p>V takov\u00e9m p\u0159\u00edpad\u011b se do va\u0161eho prohl\u00ed\u017ee\u010de ulo\u017e\u00ed soubor cookie pro odm\u00edtnut\u00ed, kter\u00fd zabr\u00e1n\u00ed spole\u010dnosti Matomo ukl\u00e1dat \u00fadaje o pou\u017e\u00edv\u00e1n\u00ed. Pokud vyma\u017eete sv\u00e9 soubory cookie, bude vymaz\u00e1n i soubor cookie pro odhl\u00e1\u0161en\u00ed spole\u010dnosti Matomo. Odhl\u00e1\u0161en\u00ed je t\u0159eba znovu aktivovat p\u0159i dal\u0161\u00ed n\u00e1v\u0161t\u011bv\u011b na\u0161ich str\u00e1nek.<\/p>\n<\/p>\n<p><strong>Fotografie a videoz\u00e1znamy<\/strong><br \/>V r\u00e1mci na\u0161\u00ed pr\u00e1ce s tiskem a ve\u0159ejnost\u00ed po\u0159izujeme fotografie a videa na akc\u00edch a sch\u016fzk\u00e1ch, na kter\u00fdch mohou b\u00fdt lid\u00e9 rozpoznateln\u00ed. Subjekty \u00fadaj\u016f mohou vzn\u00e9st n\u00e1mitku proti zve\u0159ejn\u011bn\u00ed. V p\u0159\u00edpad\u011b n\u00e1mitky pou\u017eijte v\u00fd\u0161e uveden\u00e9 kontaktn\u00ed \u00fadaje pov\u011b\u0159ence pro ochranu osobn\u00edch \u00fadaj\u016f nebo se obra\u0165te na odpov\u011bdnou osobu na m\u00edst\u011b kon\u00e1n\u00ed akce.<\/p>\n<\/p>\n<h2>C) Dopl\u0148uj\u00edc\u00ed informace o ochran\u011b osobn\u00edch \u00fadaj\u016f pro na\u0161i fanou\u0161kovskou str\u00e1nku na Facebooku<\/h2>\n<p>Na\u0161e fanou\u0161kovsk\u00e1 str\u00e1nka na Facebooku (dostupn\u00e1 na adrese: https:%C3%) v\u00e1m tak\u00e9 nab\u00edz\u00ed mo\u017enost dozv\u011bd\u011bt se v\u00edce o Wirtschaftsf\u00f6rderungsgesellschaft im Landkreis Cham mbH.<\/p>\n<\/p>\n<p><strong>Odpov\u011bdn\u00e9 osoby<\/strong><br \/>Za provoz na\u0161\u00ed fanou\u0161kovsk\u00e9 str\u00e1nky na Facebooku neseme spole\u010dnou odpov\u011bdnost s Facebookem v souladu s \u010dl. 26 GDPR.<br \/>Za t\u00edmto \u00fa\u010delem jsme se spole\u010dnost\u00ed Facebook uzav\u0159eli dohodu o spole\u010dn\u00e9m \u0159\u00edzen\u00ed, kter\u00e1 ur\u010duje, kdo pln\u00ed jak\u00e9 povinnosti v oblasti ochrany \u00fadaj\u016f.<br \/>Tato smlouva mezi spole\u010dnost\u00ed Facebook a provozovatelem fanou\u0161kovsk\u00e9 str\u00e1nky (zde: Wirtschaftsf\u00f6rderungsgesellschaft im Landkreis Cham mbH) je automaticky uzav\u0159ena p\u0159i vytvo\u0159en\u00ed fanou\u0161kovsk\u00e9 str\u00e1nky.<\/p>\n<\/p>\n<p>Spole\u010dnost Facebook je proto prim\u00e1rn\u011b odpov\u011bdn\u00e1 za to, aby subjektu \u00fadaj\u016f poskytla informace o spole\u010dn\u00e9m zpracov\u00e1n\u00ed a umo\u017enila mu uplatnit jeho pr\u00e1va na ochranu \u00fadaj\u016f.<br \/>To zahrnuje mimo jin\u00e9 informa\u010dn\u00ed povinnosti podle \u010dl. 12 a 13 GDPR, nakl\u00e1d\u00e1n\u00ed s pr\u00e1vy subjektu \u00fadaj\u016f podle \u010dl. \u010cl. 15 a\u017e 22 GDPR, jako\u017e i povinnosti t\u00fdkaj\u00edc\u00ed se zabezpe\u010den\u00ed \u00fadaj\u016f a pod\u00e1v\u00e1n\u00ed zpr\u00e1v podle \u010dl. 32 a\u017e 34 GDPR.<\/p>\n<\/p>\n<p>P\u0159edpokl\u00e1d\u00e1me, \u017ee rozsah spole\u010dn\u00e9 odpov\u011bdnosti se vztahuje i na zpracov\u00e1n\u00ed tzv. &#8222;insight data&#8220;.<\/p>\n<\/p>\n<p>&#8222;\u00dadaje o n\u00e1hledech&#8220; jsou osobn\u00ed \u00fadaje, kter\u00e9 jsou shroma\u017e\u010fov\u00e1ny v souvislosti s n\u00e1v\u0161t\u011bvou str\u00e1nky. Facebook poskytuje spole\u010dnosti Wirtschaftsf\u00f6rderungsgesellschaft im Landkreis Cham mbH jako\u017eto provozovateli fanou\u0161kovsk\u00e9 str\u00e1nky tyto &#8222;\u00fadaje&#8220; ve form\u011b statistik, nap\u0159. o chov\u00e1n\u00ed n\u00e1v\u0161t\u011bvn\u00edk\u016f str\u00e1nky. T\u00edm by se otev\u0159ela mo\u017enost neust\u00e1le optimalizovat na\u0161i p\u0159\u00edtomnost na Facebooku a nap\u0159\u00edklad zobrazovat personalizovan\u00e9 reklamy v r\u00e1mci Facebooku.<\/p>\n<\/p>\n<p><strong>Pov\u011b\u0159enec pro ochranu osobn\u00edch \u00fadaj\u016f<\/strong><br \/>\u00dadaje o spr\u00e1vci ve smyslu \u010dl. 4 \u010d. 7 GDPR a kontaktn\u00ed \u00fadaje na\u0161eho pov\u011b\u0159ence pro ochranu osobn\u00edch \u00fadaj\u016f naleznete v \u010d\u00e1sti A) Obecn\u00e9 informace.<br \/>Kompletn\u00ed z\u00e1sady ochrany osobn\u00edch \u00fadaj\u016f spole\u010dnosti Facebook si m\u016f\u017eete prohl\u00e9dnout zde: https:\/\/www.facebook.com\/privacy\/explanation.<\/p>\n<\/p>\n<p><strong>Pr\u00e1vn\u00ed z\u00e1klad a \u00fa\u010del zpracov\u00e1n\u00ed \u00fadaj\u016f<\/strong><br \/>Zpracov\u00e1n\u00ed osobn\u00edch \u00fadaj\u016f shrom\u00e1\u017ed\u011bn\u00fdch spole\u010dnost\u00ed Wirtschaftsf\u00f6rderungsgesellschaft im Landkreis Cham mbH prost\u0159ednictv\u00edm Facebooku by bylo z d\u016fvodu tohoto opr\u00e1vn\u011bn\u00e9ho z\u00e1jmu podle \u010dl. 6 odst. 1 p\u00edsm. f) GDPR nez\u00e1konn\u00e9. \u010cl. 6 odst. 1 lit. f GDPR je p\u0159\u00edpustn\u00e9.<br \/>Provoz na\u0161\u00ed fanou\u0161kovsk\u00e9 str\u00e1nky na Facebooku v\u0161ak slou\u017e\u00ed pouze k efektivn\u00ed vn\u011bj\u0161\u00ed prezentaci a reprezentaci spole\u010dnosti Wirtschaftsf\u00f6rderungsgesellschaft im Landkreis Cham mbH na soci\u00e1ln\u00edch s\u00edt\u00edch.<\/p>\n<\/p>\n<p><strong>Doba ulo\u017een\u00ed dat<\/strong><br \/>Va\u0161e \u00fadaje budou v r\u00e1mci mo\u017enost\u00ed vymaz\u00e1ny, jakmile p\u0159estaneme provozovat na\u0161i str\u00e1nku na Facebooku.<br \/>Jak\u00e9koli dal\u0161\u00ed ukl\u00e1d\u00e1n\u00ed t\u011bchto \u00fadaj\u016f spole\u010dnost\u00ed Facebook se \u0159\u00edd\u00ed v\u00fdhradn\u011b ustanoven\u00edmi z\u00e1sad ochrany osobn\u00edch \u00fadaj\u016f spole\u010dnosti Facebook a p\u0159\u00edslu\u0161n\u00fdmi podm\u00ednkami pou\u017e\u00edv\u00e1n\u00ed.<\/p>\n<\/p>\n<p><strong>Va\u0161e pr\u00e1va<\/strong><\/p>\n<ul>\n<li>Pr\u00e1vo na informace, \u010dl. 15 GDPR<\/li>\n<li>Pr\u00e1vo na opravu, \u010dl. 16 GDPR<\/li>\n<li>Pr\u00e1vo na v\u00fdmaz, \u010dl. 17 GDPR<\/li>\n<li>Pr\u00e1vo na omezen\u00ed zpracov\u00e1n\u00ed, \u010dl. 18 GDPR<\/li>\n<li>Pr\u00e1vo na p\u0159enositelnost \u00fadaj\u016f, \u010dl. 20 GDPR<\/li>\n<li>Pr\u00e1vo podat st\u00ed\u017enost u dozorov\u00e9ho \u00fa\u0159adu (kontaktn\u00ed \u00fadaje v \u010d\u00e1sti A) Obecn\u00e9 informace).<\/li>\n<li>Pr\u00e1vo vzn\u00e9st n\u00e1mitku<\/li>\n<\/ul>\n<p>Sv\u00e1 pr\u00e1va subjektu \u00fadaj\u016f m\u016f\u017eete uplatnit jak v\u016f\u010di spole\u010dnosti Facebook, tak v\u016f\u010di n\u00e1m. Vzhledem k tomu, \u017ee p\u0159\u00edm\u00fd p\u0159\u00edstup k va\u0161im u\u017eivatelsk\u00fdm \u00fadaj\u016fm m\u00e1 pouze spole\u010dnost Facebook, je nej\u00fa\u010dinn\u011bj\u0161\u00edm zp\u016fsobem, jak se dom\u00e1hat sv\u00fdch pr\u00e1v jako subjektu \u00fadaj\u016f, uplatnit je u spole\u010dnosti Facebook.<br \/>Za t\u00edmto \u00fa\u010delem se obra\u0165te na pov\u011b\u0159ence pro ochranu osobn\u00edch \u00fadaj\u016f spole\u010dnosti Facebook: https:\/\/www.facebook.com\/help\/contact\/540977946302970.<\/p>\n<\/p>\n<\/div>\n\t\t\t\t\t\t\t\t<\/div>\n\t\t\t\t<\/div>\n\t\t\t\t\t<\/div>\n\t\t\t\t<\/div>\n\t\t\t\t<\/div>\n\t\t","protected":false},"excerpt":{"rendered":"<p>Z\u00e1sady ochrany osobn\u00edch \u00fadaj\u016f A) Obecn\u00e9 informace Jm\u00e9no a kontaktn\u00ed \u00fadaje odpov\u011bdn\u00e9 osoby: Agentura pro hospod\u00e1\u0159sk\u00fd rozvoj okresu Cham mbHRachelstr. 693413 Cham Telefon: +49 (0) 99 71 \/ 78-440Fax: +49 (0) 99 71 \/ 845-440E-mail: info@igz-cham.de Kontaktn\u00ed \u00fadaje pov\u011b\u0159ence pro ochranu osobn\u00edch \u00fadaj\u016f: Pov\u011b\u0159enec pro ochranu osobn\u00edch \u00fadaj\u016f okresn\u00edho \u00fa\u0159adu Cham-osobn\u00ed- Rachelstr. 693413 Cham Telefon: [&hellip;]<\/p>\n","protected":false},"author":1,"featured_media":0,"parent":0,"menu_order":0,"comment_status":"closed","ping_status":"open","template":"","meta":{"_acf_changed":false,"footnotes":""},"class_list":["post-1768","page","type-page","status-publish","hentry"],"acf":[],"_links":{"self":[{"href":"https:\/\/mc-netz.de\/cs\/wp-json\/wp\/v2\/pages\/1768","targetHints":{"allow":["GET"]}}],"collection":[{"href":"https:\/\/mc-netz.de\/cs\/wp-json\/wp\/v2\/pages"}],"about":[{"href":"https:\/\/mc-netz.de\/cs\/wp-json\/wp\/v2\/types\/page"}],"author":[{"embeddable":true,"href":"https:\/\/mc-netz.de\/cs\/wp-json\/wp\/v2\/users\/1"}],"replies":[{"embeddable":true,"href":"https:\/\/mc-netz.de\/cs\/wp-json\/wp\/v2\/comments?post=1768"}],"version-history":[{"count":4,"href":"https:\/\/mc-netz.de\/cs\/wp-json\/wp\/v2\/pages\/1768\/revisions"}],"predecessor-version":[{"id":2150,"href":"https:\/\/mc-netz.de\/cs\/wp-json\/wp\/v2\/pages\/1768\/revisions\/2150"}],"wp:attachment":[{"href":"https:\/\/mc-netz.de\/cs\/wp-json\/wp\/v2\/media?parent=1768"}],"curies":[{"name":"wp","href":"https:\/\/api.w.org\/{rel}","templated":true}]}}