{"id":1725,"date":"2023-11-28T09:54:25","date_gmt":"2023-11-28T08:54:25","guid":{"rendered":"https:\/\/mc-netz.de\/organizace-site\/"},"modified":"2024-01-08T13:58:45","modified_gmt":"2024-01-08T12:58:45","slug":"organizace-site","status":"publish","type":"page","link":"https:\/\/mc-netz.de\/cs\/organizace-site\/","title":{"rendered":"Organizace s\u00edt\u011b"},"content":{"rendered":"\t\t<div data-elementor-type=\"wp-page\" data-elementor-id=\"1725\" class=\"elementor elementor-1725 elementor-442\" data-elementor-post-type=\"page\">\n\t\t\t\t<div class=\"elementor-element elementor-element-b9bba39 e-flex e-con-boxed e-con e-parent\" data-id=\"b9bba39\" data-element_type=\"container\" data-e-type=\"container\">\n\t\t\t\t\t<div class=\"e-con-inner\">\n\t\t\t\t<div class=\"elementor-element elementor-element-b888f41 elementor-widget elementor-widget-heading\" data-id=\"b888f41\" data-element_type=\"widget\" data-e-type=\"widget\" data-widget_type=\"heading.default\">\n\t\t\t\t<div class=\"elementor-widget-container\">\n\t\t\t\t\t<h2 class=\"elementor-heading-title elementor-size-default\">Struktura na\u0161\u00ed s\u00edt\u011b je podrobn\u011bji vysv\u011btlena n\u00ed\u017ee.<\/h2>\t\t\t\t<\/div>\n\t\t\t\t<\/div>\n\t\t\t\t<div class=\"elementor-element elementor-element-be2414e elementor-widget elementor-widget-heading\" data-id=\"be2414e\" data-element_type=\"widget\" data-e-type=\"widget\" data-widget_type=\"heading.default\">\n\t\t\t\t<div class=\"elementor-widget-container\">\n\t\t\t\t\t<h2 class=\"elementor-heading-title elementor-size-default\">V\u00fdbory:<\/h2>\t\t\t\t<\/div>\n\t\t\t\t<\/div>\n\t\t\t\t<div class=\"elementor-element elementor-element-560fe32 elementor-widget elementor-widget-text-editor\" data-id=\"560fe32\" data-element_type=\"widget\" data-e-type=\"widget\" data-widget_type=\"text-editor.default\">\n\t\t\t\t<div class=\"elementor-widget-container\">\n\t\t\t\t\t\t\t\t\t<ol>\n<li>\u0158\u00edzen\u00ed projektu<\/li>\n<li>V\u00fdbory organiz\u00e1tor\u016f<\/li>\n<li>\u0158\u00edd\u00edc\u00ed v\u00fdbor<\/li>\n<li>Wirtschaftsf\u00f6rderungsgesellschaft im Landkreis Cham mbH, kancel\u00e1\u0159 IHK Regensburg Cham  <\/li>\n<\/ol>\n\t\t\t\t\t\t\t\t<\/div>\n\t\t\t\t<\/div>\n\t\t\t\t\t<\/div>\n\t\t\t\t<\/div>\n\t\t<div class=\"elementor-element elementor-element-c573e3d e-flex e-con-boxed e-con e-parent\" data-id=\"c573e3d\" data-element_type=\"container\" data-e-type=\"container\">\n\t\t\t\t\t<div class=\"e-con-inner\">\n\t\t\t\t<div class=\"elementor-element elementor-element-4a64ec5 elementor-widget elementor-widget-ucaddon_uc_icon_accordion\" data-id=\"4a64ec5\" data-element_type=\"widget\" data-e-type=\"widget\" data-widget_type=\"ucaddon_uc_icon_accordion.default\">\n\t\t\t\t<div class=\"elementor-widget-container\">\n\t\t\t\t\t\n<!-- start Icon Accordion -->\n\t\t<link id='font-awesome-css' href='https:\/\/mc-netz.de\/wp-content\/plugins\/unlimited-elements-for-elementor-premium\/assets_libraries\/font-awesome6\/fontawesome-all.min.css' type='text\/css' rel='stylesheet' >\n\t\t<link id='font-awesome-4-shim-css' href='https:\/\/mc-netz.de\/wp-content\/plugins\/unlimited-elements-for-elementor-premium\/assets_libraries\/font-awesome6\/fontawesome-v4-shims.min.css' type='text\/css' rel='stylesheet' >\n\n<style>\/* widget: Icon Accordion *\/\n\n#uc_uc_icon_accordion_elementor_4a64ec5 *{\n\tbox-sizing: border-box;\n}\n#uc_uc_icon_accordion_elementor_4a64ec5 .uc_container .uc-heading\n{\n\tcursor:pointer;\n    display:flex;\n    align-items:center;\n    transition:0.3s;\n}\n#uc_uc_icon_accordion_elementor_4a64ec5 .uc_container .uc-heading span.bbb\n{\n\tdisplay:block;\n\t\n}\n#uc_uc_icon_accordion_elementor_4a64ec5 .uc_ac_box.uc-item-active span.uc_dactive\n{\n\tdisplay:none;\n}\n#uc_uc_icon_accordion_elementor_4a64ec5 .uc_ac_box:not(.uc-item-active) span.uc_active\n{\n\tdisplay:none;\n}\n\n#uc_uc_icon_accordion_elementor_4a64ec5 .ue_icon_holder,\n#uc_uc_icon_accordion_elementor_4a64ec5 .ue_icon_spacing\n{\n  flex-grow:0;\n  flex-shrink:0; \n}\n#uc_uc_icon_accordion_elementor_4a64ec5 .uc_content{\n\tdisplay: none;\n}\n#uc_uc_icon_accordion_elementor_4a64ec5 .ue_icon\n{\n  display:flex;\n  justify-content:center;\n  align-items:center;\n  line-height:1em;\n  transition:0.3s;\n}\n\n#uc_uc_icon_accordion_elementor_4a64ec5 .ue_icon svg\n{\n  height:1em;\n  width:1em;\n}\n\n#uc_uc_icon_accordion_elementor_4a64ec5 .ue_expand_inside\n{\n  display:flex;\n  justify-content:center;\n  align-items:center;\n  line-height:1em;\n}\n\n#uc_uc_icon_accordion_elementor_4a64ec5 .ue_expand_inside svg\n{\n  height:1em;\n  width:1em;\n}\n\n#uc_uc_icon_accordion_elementor_4a64ec5 .ue_expand,\n#uc_uc_icon_accordion_elementor_4a64ec5 .ue_expand_spacing\n{\n  flex-grow:0;\n  flex-shrink:0;\n}\n\n#uc_uc_icon_accordion_elementor_4a64ec5 .ue_title\n{\n  flex-grow:1;\n}\n\n#uc_uc_icon_accordion_elementor_4a64ec5 .uc_ac_box:last-child\n{\n  margin-bottom:0px;\n}\n\n#uc_uc_icon_accordion_elementor_4a64ec5 .uc_ac_box\n{\n  overflow:hidden;\n}\n#uc_uc_icon_accordion_elementor_4a64ec5_item1 .ue_icon\n{\n  background-color:;\n}\n\n#uc_uc_icon_accordion_elementor_4a64ec5_item1 .ue-heading\n{\n  background-color:;\n}\n#uc_uc_icon_accordion_elementor_4a64ec5_item2 .ue_icon\n{\n  background-color:;\n}\n\n#uc_uc_icon_accordion_elementor_4a64ec5_item2 .ue-heading\n{\n  background-color:;\n}\n#uc_uc_icon_accordion_elementor_4a64ec5_item3 .ue_icon\n{\n  background-color:;\n}\n\n#uc_uc_icon_accordion_elementor_4a64ec5_item3 .ue-heading\n{\n  background-color:;\n}\n#uc_uc_icon_accordion_elementor_4a64ec5_item4 .ue_icon\n{\n  background-color:;\n}\n\n#uc_uc_icon_accordion_elementor_4a64ec5_item4 .ue-heading\n{\n  background-color:;\n}\n\n\n<\/style>\n\n<div class=\"uc_material_accordion \" id=\"uc_uc_icon_accordion_elementor_4a64ec5\" data-name=\"\" data-closeothers=\"true\" >\n    \t<div class=\"uc_container\">\n            \n\n<div class=\"uc_ac_box \">\n  <div class=\"uc-heading uc_trigger\">\n    \n        \n    <div class=\"ue_title\">1. \u0159\u00edzen\u00ed projektu<\/div>\n    \n    \n        <div class=\"ue_expand_spacing\"><\/div>\n    <div class=\"ue_expand\">\n      <div class=\"ue_expand_inside\">\n      <span class=\"uc_dactive bbb ue_accordion_icon\" ><i class='fas fa-plus'><\/i><\/span>\n      <span class=\"uc_active bbb ue_accordion_icon\"><i class='fas fa-minus'><\/i><\/span>\n      <\/div>\n    <\/div>\n        \n  <\/div>\n  <!-- end of heading -->\n  \n  \n  <div class=\"uc_content\" >\n          <p>Je z\u0159\u00edzen t\u00fdm pro \u0159\u00edzen\u00ed projektu, kter\u00fd organizuje a schvaluje v\u00fddaje. Toto projektov\u00e9 \u0159\u00edzen\u00ed p\u0159eb\u00edr\u00e1 n\u00e1sleduj\u00edc\u00ed \u00fakoly a p\u0159ij\u00edm\u00e1 rozhodnut\u00ed pro s\u00ed\u0165.<\/p>\n<ul>\n<li>na v\u00fddaje, kter\u00e9 slou\u017e\u00ed c\u00edl\u016fm uveden\u00fdm v \u00a7 1,<\/li>\n<li>\u00da\u010dast na veletrz\u00edch a dal\u0161\u00edch akc\u00edch,<\/li>\n<li>N\u00e1vrh na za\u0159azen\u00ed nov\u00fdch partner\u016f<\/li>\n<li>N\u00e1vrh na vylou\u010den\u00ed partner\u016f ze s\u00edt\u011b, kte\u0159\u00ed poru\u0161ili tuto dohodu o spolupr\u00e1ci,<\/li>\n<li>na v\u00fddaje, kter\u00e9 slou\u017e\u00ed k organizaci a koordinaci s\u00edt\u011b.<\/li>\n<\/ul>\n<p><strong>Veden\u00ed projektu se skl\u00e1d\u00e1 ze 4 \u010dlen\u016f:<\/strong><\/p>\n<ul>\n<li>jedna osoba od ka\u017ed\u00e9ho ze dvou partner\u016f<\/li>\n<li>agentury pro rozvoj podnik\u00e1n\u00ed v okrese Cham mbH<\/li>\n<li>kancel\u00e1\u0159e IHK Regensburg, Cham  <\/li>\n<\/ul>\n\n     \n    \n     \n    \n  <\/div>\n<\/div>\n\n\n<div class=\"uc_ac_box \">\n  <div class=\"uc-heading uc_trigger\">\n    \n        \n    <div class=\"ue_title\">2. v\u00fdbory po\u0159adatel\u016f<\/div>\n    \n    \n        <div class=\"ue_expand_spacing\"><\/div>\n    <div class=\"ue_expand\">\n      <div class=\"ue_expand_inside\">\n      <span class=\"uc_dactive bbb ue_accordion_icon\" ><i class='fas fa-plus'><\/i><\/span>\n      <span class=\"uc_active bbb ue_accordion_icon\"><i class='fas fa-minus'><\/i><\/span>\n      <\/div>\n    <\/div>\n        \n  <\/div>\n  <!-- end of heading -->\n  \n  \n  <div class=\"uc_content\" >\n          <p>Partne\u0159i z\u0159\u00eddili propaga\u010dn\u00ed v\u00fdbory, kter\u00e9 maj\u00ed tyto \u00fakoly:<\/p>\n<ul>\n<li>V\u00fdm\u011bna zku\u0161enost\u00ed v jednotliv\u00fdch oblastech<\/li>\n<li>Vypracov\u00e1n\u00ed podn\u011bt\u016f a n\u00e1vrh\u016f na zlep\u0161en\u00ed s\u00edt\u011b<\/li>\n<li>Rozhodnut\u00ed o spole\u010dn\u00fdch opat\u0159en\u00edch v p\u0159\u00edslu\u0161n\u00e9 oblasti<\/li>\n<\/ul>\n<p>Ka\u017ed\u00e1 ze spole\u010dnost\u00ed jmenuje jednu osobu ze sv\u00e9 spole\u010dnosti, kter\u00e1 je z\u00e1rove\u0148 opr\u00e1vn\u011bna rozhodovat, do t\u011bchto v\u00fdbor\u016f z\u0159izovatel\u016f:<\/p>\n<ul>\n<li>Vzd\u011bl\u00e1v\u00e1n\u00ed<\/li>\n<li>Dal\u0161\u00ed vzd\u011bl\u00e1v\u00e1n\u00ed<\/li>\n<li>Marketing<\/li>\n<li>V\u00fdzkum a v\u00fdvoj  <\/li>\n<\/ul>\n\n     \n    \n     \n    \n  <\/div>\n<\/div>\n\n\n<div class=\"uc_ac_box \">\n  <div class=\"uc-heading uc_trigger\">\n    \n        \n    <div class=\"ue_title\">3. \u0159\u00edd\u00edc\u00ed v\u00fdbor<\/div>\n    \n    \n        <div class=\"ue_expand_spacing\"><\/div>\n    <div class=\"ue_expand\">\n      <div class=\"ue_expand_inside\">\n      <span class=\"uc_dactive bbb ue_accordion_icon\" ><i class='fas fa-plus'><\/i><\/span>\n      <span class=\"uc_active bbb ue_accordion_icon\"><i class='fas fa-minus'><\/i><\/span>\n      <\/div>\n    <\/div>\n        \n  <\/div>\n  <!-- end of heading -->\n  \n  \n  <div class=\"uc_content\" >\n          <p>\u0158\u00eddic\u00ed v\u00fdbor se skl\u00e1d\u00e1 z jednoho \u010dlena veden\u00ed ka\u017ed\u00e9ho partnera. Z \u0159\u00edd\u00edc\u00edho v\u00fdboru je do veden\u00ed projektu zvolena jedna osoba z ka\u017ed\u00e9ho ze dvou partner\u016f. Volba se prov\u00e1d\u00ed prostou v\u011bt\u0161inou hlas\u016f p\u0159\u00edtomn\u00fdch partner\u016f. \u0158\u00edd\u00edc\u00ed v\u00fdbor je volen na obdob\u00ed 3 let. Pokud \u010dlen veden\u00ed projektu odstoup\u00ed b\u011bhem t\u0159\u00edlet\u00e9ho obdob\u00ed, \u0159\u00edd\u00edc\u00ed v\u00fdbor zvol\u00ed jednomyslnou v\u011bt\u0161inou jeho n\u00e1stupce na zb\u00fdvaj\u00edc\u00ed obdob\u00ed.<\/p>\n\n     \n    \n     \n    \n  <\/div>\n<\/div>\n\n\n<div class=\"uc_ac_box \">\n  <div class=\"uc-heading uc_trigger\">\n    \n        \n    <div class=\"ue_title\">4 Wirtschaftsf\u00f6rderungsgesellschaft im Landkreis Cham mbH a kancel\u00e1\u0159 IHK Regensburg Cham<\/div>\n    \n    \n        <div class=\"ue_expand_spacing\"><\/div>\n    <div class=\"ue_expand\">\n      <div class=\"ue_expand_inside\">\n      <span class=\"uc_dactive bbb ue_accordion_icon\" ><i class='fas fa-plus'><\/i><\/span>\n      <span class=\"uc_active bbb ue_accordion_icon\"><i class='fas fa-minus'><\/i><\/span>\n      <\/div>\n    <\/div>\n        \n  <\/div>\n  <!-- end of heading -->\n  \n  \n  <div class=\"uc_content\" >\n          <p>V \u0159\u00edzen\u00ed projektu je zastoupen p\u0159\u00edslu\u0161n\u00fd gener\u00e1ln\u00ed \u0159editel obou partner\u016f.<\/p>\n\n     \n    \n     \n    \n  <\/div>\n<\/div>\n\n        <\/div>\n<\/div>\n<!-- end Icon Accordion -->\t\t\t\t<\/div>\n\t\t\t\t<\/div>\n\t\t\t\t\t<\/div>\n\t\t\t\t<\/div>\n\t\t\t\t<\/div>\n\t\t","protected":false},"excerpt":{"rendered":"<p>Struktura na\u0161\u00ed s\u00edt\u011b je podrobn\u011bji vysv\u011btlena n\u00ed\u017ee. V\u00fdbory: \u0158\u00edzen\u00ed projektu V\u00fdbory organiz\u00e1tor\u016f \u0158\u00edd\u00edc\u00ed v\u00fdbor Wirtschaftsf\u00f6rderungsgesellschaft im Landkreis Cham mbH, kancel\u00e1\u0159 IHK Regensburg Cham 1. \u0159\u00edzen\u00ed projektu Je z\u0159\u00edzen t\u00fdm pro \u0159\u00edzen\u00ed projektu, kter\u00fd organizuje a schvaluje v\u00fddaje. Toto projektov\u00e9 \u0159\u00edzen\u00ed p\u0159eb\u00edr\u00e1 n\u00e1sleduj\u00edc\u00ed \u00fakoly a p\u0159ij\u00edm\u00e1 rozhodnut\u00ed pro s\u00ed\u0165. na v\u00fddaje, kter\u00e9 slou\u017e\u00ed c\u00edl\u016fm uveden\u00fdm v [&hellip;]<\/p>\n","protected":false},"author":1,"featured_media":0,"parent":0,"menu_order":0,"comment_status":"closed","ping_status":"closed","template":"","meta":{"_acf_changed":false,"footnotes":""},"class_list":["post-1725","page","type-page","status-publish","hentry"],"acf":[],"_links":{"self":[{"href":"https:\/\/mc-netz.de\/cs\/wp-json\/wp\/v2\/pages\/1725","targetHints":{"allow":["GET"]}}],"collection":[{"href":"https:\/\/mc-netz.de\/cs\/wp-json\/wp\/v2\/pages"}],"about":[{"href":"https:\/\/mc-netz.de\/cs\/wp-json\/wp\/v2\/types\/page"}],"author":[{"embeddable":true,"href":"https:\/\/mc-netz.de\/cs\/wp-json\/wp\/v2\/users\/1"}],"replies":[{"embeddable":true,"href":"https:\/\/mc-netz.de\/cs\/wp-json\/wp\/v2\/comments?post=1725"}],"version-history":[{"count":1,"href":"https:\/\/mc-netz.de\/cs\/wp-json\/wp\/v2\/pages\/1725\/revisions"}],"predecessor-version":[{"id":1728,"href":"https:\/\/mc-netz.de\/cs\/wp-json\/wp\/v2\/pages\/1725\/revisions\/1728"}],"wp:attachment":[{"href":"https:\/\/mc-netz.de\/cs\/wp-json\/wp\/v2\/media?parent=1725"}],"curies":[{"name":"wp","href":"https:\/\/api.w.org\/{rel}","templated":true}]}}