{"id":1676,"date":"2023-11-09T13:13:37","date_gmt":"2023-11-09T12:13:37","guid":{"rendered":"https:\/\/mc-netz.de\/campus-cham\/"},"modified":"2024-01-08T13:58:30","modified_gmt":"2024-01-08T12:58:30","slug":"campus-cham","status":"publish","type":"page","link":"https:\/\/mc-netz.de\/cs\/campus-cham\/","title":{"rendered":"Campus Cham"},"content":{"rendered":"\t\t<div data-elementor-type=\"wp-page\" data-elementor-id=\"1676\" class=\"elementor elementor-1676 elementor-127\" data-elementor-post-type=\"page\">\n\t\t\t\t<div class=\"elementor-element elementor-element-33d497e e-flex e-con-boxed e-con e-parent\" data-id=\"33d497e\" data-element_type=\"container\" data-e-type=\"container\">\n\t\t\t\t\t<div class=\"e-con-inner\">\n\t\t\t\t<div class=\"elementor-element elementor-element-44a8ae0 elementor-widget elementor-widget-heading\" data-id=\"44a8ae0\" data-element_type=\"widget\" data-e-type=\"widget\" data-widget_type=\"heading.default\">\n\t\t\t\t<div class=\"elementor-widget-container\">\n\t\t\t\t\t<h1 class=\"elementor-heading-title elementor-size-default\">Campus Cham<\/h1>\t\t\t\t<\/div>\n\t\t\t\t<\/div>\n\t\t\t\t\t<\/div>\n\t\t\t\t<\/div>\n\t\t<div class=\"elementor-element elementor-element-73042fd e-flex e-con-boxed e-con e-parent\" data-id=\"73042fd\" data-element_type=\"container\" data-e-type=\"container\">\n\t\t\t\t\t<div class=\"e-con-inner\">\n\t\t\t\t<div class=\"elementor-element elementor-element-d165292 elementor-widget elementor-widget-text-editor\" data-id=\"d165292\" data-element_type=\"widget\" data-e-type=\"widget\" data-widget_type=\"text-editor.default\">\n\t\t\t\t<div class=\"elementor-widget-container\">\n\t\t\t\t\t\t\t\t\t<p>Kampus Cham <strong>se rychle rozr\u016fst\u00e1<\/strong>. V prvn\u00edch letech sv\u00e9 existence nab\u00edzela pouze bakal\u00e1\u0159sk\u00fd studijn\u00ed program, v posledn\u00edch letech se po\u010det student\u016f p\u011btin\u00e1sobn\u011b zv\u00fd\u0161il d\u00edky roz\u0161\u00ed\u0159en\u00ed nab\u00eddky obor\u016f. V<b> nejnov\u011bj\u0161\u00edm v\u00fdukov\u00e9m centru Technologick\u00e9ho institutu v Deggendorfu<\/b> nyn\u00ed studuje p\u0159ibli\u017en\u011b 500 mlad\u00fdch lid\u00ed. Stejn\u011b jako na dal\u0161\u00edch dvou v\u00fdukov\u00fdch pracovi\u0161t\u00edch THD je i v Chamu prioritou <b>mezin\u00e1rodnost<\/b>. Necel\u00e1 \u010dtvrtina student\u016f poch\u00e1z\u00ed z N\u011bmecka, t\u0159i \u010dtvrtiny z v\u00edce ne\u017e 30 r\u016fzn\u00fdch zem\u00ed Evropy, Asie, Afriky a Severn\u00ed a Ji\u017en\u00ed Ameriky.<\/p>\n\t\t\t\t\t\t\t\t<\/div>\n\t\t\t\t<\/div>\n\t\t\t\t\t<\/div>\n\t\t\t\t<\/div>\n\t\t<div class=\"elementor-element elementor-element-f5117ac e-flex e-con-boxed e-con e-parent\" data-id=\"f5117ac\" data-element_type=\"container\" data-e-type=\"container\">\n\t\t\t\t\t<div class=\"e-con-inner\">\n\t\t\t\t<div class=\"elementor-element elementor-element-4b5b41f elementor-widget elementor-widget-text-editor\" data-id=\"4b5b41f\" data-element_type=\"widget\" data-e-type=\"widget\" data-widget_type=\"text-editor.default\">\n\t\t\t\t<div class=\"elementor-widget-container\">\n\t\t\t\t\t\t\t\t\t<p style=\"text-align: justify;\">Zvl\u00e1\u0161tnost\u00ed kampusu Cham je, \u017ee jeho studenti maj\u00ed k dispozici  <strong>je nab\u00edzena kontinu\u00e1ln\u00ed odborn\u00e1 perspektiva.<\/strong>  Po absolvov\u00e1n\u00ed bakal\u00e1\u0159sk\u00e9ho studijn\u00edho programu  <a href=\"https:\/\/www.th-deg.de\/mdp-b\">Mechatronika a \u0159\u00edzen\u00ed projekt\u016f pro digit\u00e1ln\u00ed v\u00fdrobu<\/a>kter\u00fd je nab\u00edzen v n\u011bm\u010din\u011b, si pak absolventi mohou vybrat ze t\u0159\u00ed navazuj\u00edc\u00edch magistersk\u00fdch program\u016f v angli\u010dtin\u011b &#8211; magistersk\u00fd program<a href=\"https:\/\/www.th-deg.de\/mcs-cham-m\">  Master Mechatronick\u00e9 a kyberfyzik\u00e1ln\u00ed syst\u00e9my<\/a>na  <a href=\"https:\/\/www.th-deg.de\/ki-m\">Um\u011bl\u00e1 inteligence pro chytr\u00e9 senzory a ak\u010dn\u00ed \u010dleny<\/a>  a  <a href=\"https:\/\/www.th-deg.de\/dm-m\">Master Applied AI for Digital Production Management<\/a>.<\/p>\n\t\t\t\t\t\t\t\t<\/div>\n\t\t\t\t<\/div>\n\t\t\t\t<div class=\"elementor-element elementor-element-43542e7 elementor-widget elementor-widget-text-editor\" data-id=\"43542e7\" data-element_type=\"widget\" data-e-type=\"widget\" data-widget_type=\"text-editor.default\">\n\t\t\t\t<div class=\"elementor-widget-container\">\n\t\t\t\t\t\t\t\t\t<p style=\"text-align: justify;\">Nov\u00e9 bakal\u00e1\u0159sk\u00e9 a magistersk\u00e9 programy jsou zam\u011b\u0159eny na aktu\u00e1ln\u00ed ot\u00e1zky v oblasti <strong>mechatroniky a um\u011bl\u00e9 inteligence<\/strong>, aby odpov\u00eddaly rostouc\u00ed popt\u00e1vce na trhu pr\u00e1ce. Pr\u016fmysl 4.0, aditivn\u00ed v\u00fdroba, chytr\u00e1 tov\u00e1rna, IOOT, virtu\u00e1ln\u00ed a roz\u0161\u00ed\u0159en\u00e1 realita, robotika, chytr\u00e9 senzory a aktu\u00e1tory, strojov\u00e9 u\u010den\u00ed, big data, anal\u00fdza dat, autonomn\u00ed syst\u00e9my &#8211; tato kl\u00ed\u010dov\u00e1 slova jsou jen n\u011bkolika p\u0159\u00edklady, kter\u00e9 ilustruj\u00ed \u0161irok\u00e9 spektrum obsahu kurz\u016f.<\/p>\n\t\t\t\t\t\t\t\t<\/div>\n\t\t\t\t<\/div>\n\t\t\t\t\t<\/div>\n\t\t\t\t<\/div>\n\t\t<div class=\"elementor-element elementor-element-4a185a4 e-flex e-con-boxed e-con e-parent\" data-id=\"4a185a4\" data-element_type=\"container\" data-e-type=\"container\">\n\t\t\t\t\t<div class=\"e-con-inner\">\n\t\t\t\t<div class=\"elementor-element elementor-element-cc55fa1 elementor-widget elementor-widget-text-editor\" data-id=\"cc55fa1\" data-element_type=\"widget\" data-e-type=\"widget\" data-widget_type=\"text-editor.default\">\n\t\t\t\t<div class=\"elementor-widget-container\">\n\t\t\t\t\t\t\t\t\t<p style=\"text-align: justify;\"><strong>V\u0161e pod jednou st\u0159echou<\/strong>. Studenti kampusu v Chamu maj\u00ed obrovsk\u00fd prosp\u011bch z \u00fazk\u00e9 spolupr\u00e1ce mezi kampusem a region\u00e1ln\u00edmi a n\u00e1rodn\u00edmi spole\u010dnostmi v oboru mechatroniky. V sousedstv\u00ed kampusu se nach\u00e1z\u00ed v\u00fdzkumn\u00e9 a v\u00fdvojov\u00e9 centrum <a href=\"https:\/\/www.th-deg.de\/tc-cham\">Cham Technology Campus<\/a>, digit\u00e1ln\u00ed start-up centrum, pr\u016fmyslov\u00e1 a obchodn\u00ed komora a \u010d\u00e1sti s\u00edt\u011b mechatroniky v\u00fdchodn\u00edho Bavorska.  <b><strong>Tato synergie teorie a praxe je jedine\u010dn\u00e1 a umo\u017e\u0148uje student\u016fm u\u010dit se jak aplika\u010dn\u00edm, tak v\u011bdeck\u00fdm <\/strong> zp\u016fsobem.<\/b>Vzhledem k aktu\u00e1lnosti obsahu p\u0159edm\u011bt\u016f podporuje v\u00fduku v kampusu Cham \u0159ada <strong>odborn\u00edk\u016f z odborn\u00e9 praxe<\/strong>.<\/p>\n\t\t\t\t\t\t\t\t<\/div>\n\t\t\t\t<\/div>\n\t\t\t\t\t<\/div>\n\t\t\t\t<\/div>\n\t\t<div class=\"elementor-element elementor-element-573229b e-flex e-con-boxed e-con e-parent\" data-id=\"573229b\" data-element_type=\"container\" data-e-type=\"container\">\n\t\t\t\t\t<div class=\"e-con-inner\">\n\t\t\t\t<div class=\"elementor-element elementor-element-f302971 elementor-widget-divider--view-line elementor-widget elementor-widget-divider\" data-id=\"f302971\" data-element_type=\"widget\" data-e-type=\"widget\" data-widget_type=\"divider.default\">\n\t\t\t\t<div class=\"elementor-widget-container\">\n\t\t\t\t\t\t\t<div class=\"elementor-divider\">\n\t\t\t<span class=\"elementor-divider-separator\">\n\t\t\t\t\t\t<\/span>\n\t\t<\/div>\n\t\t\t\t\t\t<\/div>\n\t\t\t\t<\/div>\n\t\t\t\t\t<\/div>\n\t\t\t\t<\/div>\n\t\t<div class=\"elementor-element elementor-element-83b0434 e-flex e-con-boxed e-con e-parent\" data-id=\"83b0434\" data-element_type=\"container\" data-e-type=\"container\" data-settings=\"{&quot;background_background&quot;:&quot;classic&quot;}\">\n\t\t\t\t\t<div class=\"e-con-inner\">\n\t\t\t\t<div class=\"elementor-element elementor-element-eb11d6b elementor-widget elementor-widget-text-editor\" data-id=\"eb11d6b\" data-element_type=\"widget\" data-e-type=\"widget\" data-widget_type=\"text-editor.default\">\n\t\t\t\t<div class=\"elementor-widget-container\">\n\t\t\t\t\t\t\t\t\t<p>Podobn\u011b jako v dal\u0161\u00edch dvou kampusech DIT je i v Chamu prioritou <strong>mezin\u00e1rodnost<\/strong>. Zat\u00edmco \u010dtvrtina student\u016f poch\u00e1z\u00ed z N\u011bmecka, t\u0159i \u010dtvrtiny v\u0161ech student\u016f poch\u00e1zej\u00ed z 30 r\u016fzn\u00fdch zem\u00ed Evropy, Asie, Afriky a Severn\u00ed a Ji\u017en\u00ed Ameriky.<\/p>\n\t\t\t\t\t\t\t\t<\/div>\n\t\t\t\t<\/div>\n\t\t\t\t\t<\/div>\n\t\t\t\t<\/div>\n\t\t<div class=\"elementor-element elementor-element-0c1d41c e-flex e-con-boxed e-con e-parent\" data-id=\"0c1d41c\" data-element_type=\"container\" data-e-type=\"container\">\n\t\t\t\t\t<div class=\"e-con-inner\">\n\t\t\t\t<div class=\"elementor-element elementor-element-3373149 elementor-widget elementor-widget-text-editor\" data-id=\"3373149\" data-element_type=\"widget\" data-e-type=\"widget\" data-widget_type=\"text-editor.default\">\n\t\t\t\t<div class=\"elementor-widget-container\">\n\t\t\t\t\t\t\t\t\t<p>V\u00fdjime\u010dnost Campus Cham spo\u010d\u00edv\u00e1 v tom, \u017ee student\u016fm nab\u00edz\u00ed <strong>kontinu\u00e1ln\u00ed odbornou perspektivu<\/strong>. Po absolvov\u00e1n\u00ed bakal\u00e1\u0159sk\u00e9ho programu <a href=\"https:\/\/www.th-deg.de\/mdp-b-en\">Mechatronika a projektov\u00fd management pro digit\u00e1ln\u00ed v\u00fdrobu<\/a>, kter\u00fd je nab\u00edzen v n\u011bm\u010din\u011b, si absolventi mohou vybrat ze t\u0159\u00ed navazuj\u00edc\u00edch magistersk\u00fdch program\u016f v angli\u010dtin\u011b &#8211; Master&#8217;s in <a href=\"https:\/\/www.th-deg.de\/mcs-cham-m-en\">Mechatronic and Cyber-Physical Systems<\/a>, <a href=\"https:\/\/www.th-deg.de\/ki-m-en\">Artificial Intelligence for Smart Sensors and Actuators<\/a> a <a href=\"https:\/\/www.th-deg.de\/dm-m-en\">Applied AI for Digital Production Management<\/a>.<\/p>\n\t\t\t\t\t\t\t\t<\/div>\n\t\t\t\t<\/div>\n\t\t\t\t\t<\/div>\n\t\t\t\t<\/div>\n\t\t<div class=\"elementor-element elementor-element-b3fba62 e-flex e-con-boxed e-con e-parent\" data-id=\"b3fba62\" data-element_type=\"container\" data-e-type=\"container\">\n\t\t\t\t\t<div class=\"e-con-inner\">\n\t\t\t\t<div class=\"elementor-element elementor-element-9da0b02 elementor-widget elementor-widget-text-editor\" data-id=\"9da0b02\" data-element_type=\"widget\" data-e-type=\"widget\" data-widget_type=\"text-editor.default\">\n\t\t\t\t<div class=\"elementor-widget-container\">\n\t\t\t\t\t\t\t\t\t<p>Nov\u00e9 bakal\u00e1\u0159sk\u00e9 a magistersk\u00e9 programy byly p\u0159izp\u016fsobeny nejaktu\u00e1ln\u011bj\u0161\u00edm ot\u00e1zk\u00e1m v oborech <strong>mechatroniky a um\u011bl\u00e9 inteligence<\/strong>, aby odpov\u00eddaly rostouc\u00ed popt\u00e1vce na trhu pr\u00e1ce. Pr\u016fmysl 4.0, aditivn\u00ed v\u00fdroba, chytr\u00e1 tov\u00e1rna, internet v\u011bc\u00ed, virtu\u00e1ln\u00ed a roz\u0161\u00ed\u0159en\u00e1 realita, robotika, chytr\u00e9 senzory a ak\u010dn\u00ed \u010dleny, anal\u00fdza dat, strojov\u00e9 u\u010den\u00ed, velk\u00e1 data, autonomn\u00ed syst\u00e9my &#8211; tato kl\u00ed\u010dov\u00e1 slova jsou jen n\u011bkolika p\u0159\u00edklady, kter\u00e9 ukazuj\u00ed \u0161irok\u00e9 spektrum studijn\u00edho obsahu.<\/p>\n\t\t\t\t\t\t\t\t<\/div>\n\t\t\t\t<\/div>\n\t\t\t\t\t<\/div>\n\t\t\t\t<\/div>\n\t\t<div class=\"elementor-element elementor-element-2529000 e-flex e-con-boxed e-con e-parent\" data-id=\"2529000\" data-element_type=\"container\" data-e-type=\"container\">\n\t\t\t\t\t<div class=\"e-con-inner\">\n\t\t\t\t<div class=\"elementor-element elementor-element-53f6324 elementor-widget elementor-widget-text-editor\" data-id=\"53f6324\" data-element_type=\"widget\" data-e-type=\"widget\" data-widget_type=\"text-editor.default\">\n\t\t\t\t<div class=\"elementor-widget-container\">\n\t\t\t\t\t\t\t\t\t<p><strong>V\u0161e pod jednou st\u0159echou<\/strong>. Studenti Campusu Cham maj\u00ed obrovsk\u00fd prosp\u011bch z jeho \u00fazk\u00fdch vztah\u016f s region\u00e1ln\u00edmi a n\u00e1rodn\u00edmi spole\u010dnostmi v oblasti mechatroniky. V sousedstv\u00ed kampusu se nach\u00e1z\u00ed Centrum pro v\u00fdzkum a v\u00fdvoj (Technologick\u00fd kampus), Digit\u00e1ln\u00ed start-up centrum, Pr\u016fmyslov\u00e1 a obchodn\u00ed komora a tak\u00e9 \u010d\u00e1sti Mechatronick\u00e9 s\u00edt\u011b v\u00fdchodn\u00edho Bavorska.  <strong>Tato synergie teorie a praxe je jedine\u010dn\u00e1 a umo\u017e\u0148uje student\u016fm u\u010dit se stejnou m\u011brou aplika\u010dn\u011b i v\u011bdecky. <\/strong>Vzhledem k aktu\u00e1lnosti studijn\u00edho obsahu <strong>podporuje<\/strong> v\u00fduku v Campus Cham \u0159ada <strong>odborn\u00edk\u016f z odborn\u00e9 praxe<\/strong>.<\/p>\n\t\t\t\t\t\t\t\t<\/div>\n\t\t\t\t<\/div>\n\t\t\t\t\t<\/div>\n\t\t\t\t<\/div>\n\t\t<div class=\"elementor-element elementor-element-958788c e-flex e-con-boxed e-con e-parent\" data-id=\"958788c\" data-element_type=\"container\" data-e-type=\"container\">\n\t\t\t\t\t<div class=\"e-con-inner\">\n\t\t\t\t<div class=\"elementor-element elementor-element-8426006 elementor-widget-divider--view-line elementor-widget elementor-widget-divider\" data-id=\"8426006\" data-element_type=\"widget\" data-e-type=\"widget\" data-widget_type=\"divider.default\">\n\t\t\t\t<div class=\"elementor-widget-container\">\n\t\t\t\t\t\t\t<div class=\"elementor-divider\">\n\t\t\t<span class=\"elementor-divider-separator\">\n\t\t\t\t\t\t<\/span>\n\t\t<\/div>\n\t\t\t\t\t\t<\/div>\n\t\t\t\t<\/div>\n\t\t\t\t\t<\/div>\n\t\t\t\t<\/div>\n\t\t<div class=\"elementor-element elementor-element-173c590 e-flex e-con-boxed e-con e-parent\" data-id=\"173c590\" data-element_type=\"container\" data-e-type=\"container\">\n\t\t\t\t\t<div class=\"e-con-inner\">\n\t\t<div class=\"elementor-element elementor-element-92c91ea e-con-full e-flex e-con e-child\" data-id=\"92c91ea\" data-element_type=\"container\" data-e-type=\"container\">\n\t\t\t\t<div class=\"elementor-element elementor-element-de8e065 elementor-view-default elementor-widget elementor-widget-icon\" data-id=\"de8e065\" data-element_type=\"widget\" data-e-type=\"widget\" data-widget_type=\"icon.default\">\n\t\t\t\t<div class=\"elementor-widget-container\">\n\t\t\t\t\t\t\t<div class=\"elementor-icon-wrapper\">\n\t\t\t<a class=\"elementor-icon\" href=\"https:\/\/mc-netz.de\/wp-content\/uploads\/2023\/12\/Bachelor-Mechatronik-Projektmanagement-fuer-Digitale-Produktion.pdf\">\n\t\t\t<i aria-hidden=\"true\" class=\"far fa-file-pdf\"><\/i>\t\t\t<\/a>\n\t\t<\/div>\n\t\t\t\t\t\t<\/div>\n\t\t\t\t<\/div>\n\t\t\t\t<div class=\"elementor-element elementor-element-6429e6e elementor-widget elementor-widget-text-editor\" data-id=\"6429e6e\" data-element_type=\"widget\" data-e-type=\"widget\" data-widget_type=\"text-editor.default\">\n\t\t\t\t<div class=\"elementor-widget-container\">\n\t\t\t\t\t\t\t\t\t<p>Bakal\u00e1\u0159sk\u00fd obor Mechatronika a \u0159\u00edzen\u00ed projekt\u016f pro digit\u00e1ln\u00ed v\u00fdrobu<\/p>\n\t\t\t\t\t\t\t\t<\/div>\n\t\t\t\t<\/div>\n\t\t\t\t<\/div>\n\t\t<div class=\"elementor-element elementor-element-698a07d e-con-full e-flex e-con e-child\" data-id=\"698a07d\" data-element_type=\"container\" data-e-type=\"container\">\n\t\t\t\t<div class=\"elementor-element elementor-element-3cb06f1 elementor-view-default elementor-widget elementor-widget-icon\" data-id=\"3cb06f1\" data-element_type=\"widget\" data-e-type=\"widget\" data-widget_type=\"icon.default\">\n\t\t\t\t<div class=\"elementor-widget-container\">\n\t\t\t\t\t\t\t<div class=\"elementor-icon-wrapper\">\n\t\t\t<a class=\"elementor-icon\" href=\"https:\/\/mc-netz.de\/wp-content\/uploads\/2023\/12\/Master-Applied-AI-for-Digital-Production-Management.pdf\">\n\t\t\t<i aria-hidden=\"true\" class=\"far fa-file-pdf\"><\/i>\t\t\t<\/a>\n\t\t<\/div>\n\t\t\t\t\t\t<\/div>\n\t\t\t\t<\/div>\n\t\t\t\t<div class=\"elementor-element elementor-element-cd8cfd5 elementor-widget elementor-widget-text-editor\" data-id=\"cd8cfd5\" data-element_type=\"widget\" data-e-type=\"widget\" data-widget_type=\"text-editor.default\">\n\t\t\t\t<div class=\"elementor-widget-container\">\n\t\t\t\t\t\t\t\t\t<p>Master Applied AI for Digital Production Management<\/p>\n\t\t\t\t\t\t\t\t<\/div>\n\t\t\t\t<\/div>\n\t\t\t\t<\/div>\n\t\t<div class=\"elementor-element elementor-element-d760545 e-con-full e-flex e-con e-child\" data-id=\"d760545\" data-element_type=\"container\" data-e-type=\"container\">\n\t\t\t\t<div class=\"elementor-element elementor-element-518e47b elementor-view-default elementor-widget elementor-widget-icon\" data-id=\"518e47b\" data-element_type=\"widget\" data-e-type=\"widget\" data-widget_type=\"icon.default\">\n\t\t\t\t<div class=\"elementor-widget-container\">\n\t\t\t\t\t\t\t<div class=\"elementor-icon-wrapper\">\n\t\t\t<a class=\"elementor-icon\" href=\"https:\/\/mc-netz.de\/wp-content\/uploads\/2023\/12\/Master-Artificial-Intelligence-for-Smart-Sensors-and-Actuators.pdf\">\n\t\t\t<i aria-hidden=\"true\" class=\"far fa-file-pdf\"><\/i>\t\t\t<\/a>\n\t\t<\/div>\n\t\t\t\t\t\t<\/div>\n\t\t\t\t<\/div>\n\t\t\t\t<div class=\"elementor-element elementor-element-e82a535 elementor-widget elementor-widget-text-editor\" data-id=\"e82a535\" data-element_type=\"widget\" data-e-type=\"widget\" data-widget_type=\"text-editor.default\">\n\t\t\t\t<div class=\"elementor-widget-container\">\n\t\t\t\t\t\t\t\t\t<p>Master &#8211; Um\u011bl\u00e1 inteligence pro inteligentn\u00ed senzory a ak\u010dn\u00ed \u010dleny  <\/p>\n\t\t\t\t\t\t\t\t<\/div>\n\t\t\t\t<\/div>\n\t\t\t\t<\/div>\n\t\t<div class=\"elementor-element elementor-element-892f446 e-con-full e-flex e-con e-child\" data-id=\"892f446\" data-element_type=\"container\" data-e-type=\"container\">\n\t\t\t\t<div class=\"elementor-element elementor-element-250741b elementor-view-default elementor-widget elementor-widget-icon\" data-id=\"250741b\" data-element_type=\"widget\" data-e-type=\"widget\" data-widget_type=\"icon.default\">\n\t\t\t\t<div class=\"elementor-widget-container\">\n\t\t\t\t\t\t\t<div class=\"elementor-icon-wrapper\">\n\t\t\t<a class=\"elementor-icon\" href=\"https:\/\/mc-netz.de\/wp-content\/uploads\/2023\/12\/Master-Mechatronic-and-Cyber-Physical-Systems.pdf\">\n\t\t\t<i aria-hidden=\"true\" class=\"far fa-file-pdf\"><\/i>\t\t\t<\/a>\n\t\t<\/div>\n\t\t\t\t\t\t<\/div>\n\t\t\t\t<\/div>\n\t\t\t\t<div class=\"elementor-element elementor-element-6727fa2 elementor-widget elementor-widget-text-editor\" data-id=\"6727fa2\" data-element_type=\"widget\" data-e-type=\"widget\" data-widget_type=\"text-editor.default\">\n\t\t\t\t<div class=\"elementor-widget-container\">\n\t\t\t\t\t\t\t\t\t<p>Master Mechatronick\u00e9 a kyberfyzik\u00e1ln\u00ed syst\u00e9my<\/p>\n\t\t\t\t\t\t\t\t<\/div>\n\t\t\t\t<\/div>\n\t\t\t\t<\/div>\n\t\t\t\t\t<\/div>\n\t\t\t\t<\/div>\n\t\t\t\t<\/div>\n\t\t","protected":false},"excerpt":{"rendered":"<p>Campus Cham Kampus Cham se rychle rozr\u016fst\u00e1. V prvn\u00edch letech sv\u00e9 existence nab\u00edzela pouze bakal\u00e1\u0159sk\u00fd studijn\u00ed program, v posledn\u00edch letech se po\u010det student\u016f p\u011btin\u00e1sobn\u011b zv\u00fd\u0161il d\u00edky roz\u0161\u00ed\u0159en\u00ed nab\u00eddky obor\u016f. V nejnov\u011bj\u0161\u00edm v\u00fdukov\u00e9m centru Technologick\u00e9ho institutu v Deggendorfu nyn\u00ed studuje p\u0159ibli\u017en\u011b 500 mlad\u00fdch lid\u00ed. Stejn\u011b jako na dal\u0161\u00edch dvou v\u00fdukov\u00fdch pracovi\u0161t\u00edch THD je i v Chamu [&hellip;]<\/p>\n","protected":false},"author":1,"featured_media":0,"parent":0,"menu_order":0,"comment_status":"closed","ping_status":"closed","template":"","meta":{"_acf_changed":false,"footnotes":""},"class_list":["post-1676","page","type-page","status-publish","hentry"],"acf":[],"_links":{"self":[{"href":"https:\/\/mc-netz.de\/cs\/wp-json\/wp\/v2\/pages\/1676","targetHints":{"allow":["GET"]}}],"collection":[{"href":"https:\/\/mc-netz.de\/cs\/wp-json\/wp\/v2\/pages"}],"about":[{"href":"https:\/\/mc-netz.de\/cs\/wp-json\/wp\/v2\/types\/page"}],"author":[{"embeddable":true,"href":"https:\/\/mc-netz.de\/cs\/wp-json\/wp\/v2\/users\/1"}],"replies":[{"embeddable":true,"href":"https:\/\/mc-netz.de\/cs\/wp-json\/wp\/v2\/comments?post=1676"}],"version-history":[{"count":1,"href":"https:\/\/mc-netz.de\/cs\/wp-json\/wp\/v2\/pages\/1676\/revisions"}],"predecessor-version":[{"id":1677,"href":"https:\/\/mc-netz.de\/cs\/wp-json\/wp\/v2\/pages\/1676\/revisions\/1677"}],"wp:attachment":[{"href":"https:\/\/mc-netz.de\/cs\/wp-json\/wp\/v2\/media?parent=1676"}],"curies":[{"name":"wp","href":"https:\/\/api.w.org\/{rel}","templated":true}]}}